{"id":350,"date":"2025-10-16T07:04:13","date_gmt":"2025-10-16T07:04:13","guid":{"rendered":"https:\/\/leti.obudaikutyasok.hu\/?page_id=350"},"modified":"2025-10-16T07:07:33","modified_gmt":"2025-10-16T07:07:33","slug":"ovis-programok","status":"publish","type":"page","link":"https:\/\/leti.obudaikutyasok.hu\/index.php\/ovis-programok\/","title":{"rendered":"Ovis programok"},"content":{"rendered":"\t\t<div data-elementor-type=\"wp-page\" data-elementor-id=\"350\" class=\"elementor elementor-350\">\n\t\t\t\t<div class=\"elementor-element elementor-element-cfb8e73 e-flex e-con-boxed e-con e-parent\" data-id=\"cfb8e73\" data-element_type=\"container\" data-settings=\"{&quot;background_background&quot;:&quot;classic&quot;}\">\n\t\t\t\t\t<div class=\"e-con-inner\">\n\t\t\t\t<div class=\"elementor-element elementor-element-d15d97e elementor-widget elementor-widget-heading\" data-id=\"d15d97e\" data-element_type=\"widget\" data-widget_type=\"heading.default\">\n\t\t\t\t\t<h2 class=\"elementor-heading-title elementor-size-default\">\u00d3budai K\u00f6zhaszn\u00fa Kuty\u00e1s Egyes\u00fclet\n\n<\/h2>\t\t\t\t<\/div>\n\t\t\t\t<div class=\"elementor-element elementor-element-0e9b14d elementor-widget elementor-widget-heading\" data-id=\"0e9b14d\" data-element_type=\"widget\" data-widget_type=\"heading.default\">\n\t\t\t\t\t<h2 class=\"elementor-heading-title elementor-size-default\">\u201eMancs a k\u00e9zben\u201d felel\u0151s gazdi programja<\/h2>\t\t\t\t<\/div>\n\t\t\t\t\t<\/div>\n\t\t\t\t<\/div>\n\t\t<div class=\"elementor-element elementor-element-91126b9 e-flex e-con-boxed e-con e-parent\" data-id=\"91126b9\" data-element_type=\"container\" data-settings=\"{&quot;background_background&quot;:&quot;classic&quot;}\">\n\t\t\t\t\t<div class=\"e-con-inner\">\n\t\t\t\t<div class=\"elementor-element elementor-element-e0cd7aa elementor-widget elementor-widget-text-editor\" data-id=\"e0cd7aa\" data-element_type=\"widget\" data-widget_type=\"text-editor.default\">\n\t\t\t\t\t\t\t\t\t<p>\u00a0<\/p><p>Egyes\u00fclet\u00fcnk k\u00e9t \u00e9ve ind\u00edtotta el a \u201eMancs a k\u00e9zben\u201d felel\u0151s gazdi\u201d-programj\u00e1t.<\/p><p><strong>Programunk hi\u00e1nyp\u00f3tl\u00f3nak sz\u00e1m\u00edt, az a t\u00e9ny h\u00edvta \u00e9letre, hogy Budapesten folyamatosan n\u0151 a kuty\u00e1t tart\u00f3k sz\u00e1ma. Az adatok szerint jelenleg minden harmadik csal\u00e1d kuty\u00e1val \u00e9l egy\u00fctt, ez\u00e9rt elengedhetetlen\u00fcl sz\u00fcks\u00e9ges, hogy a gyerekeket \u00e9letkoruknak megfelel\u0151 inform\u00e1ci\u00f3k \u00e1tad\u00e1s\u00e1val k\u00e9pess\u00e9 tegy\u00fck a kuty\u00e1val val\u00f3 biztons\u00e1gos kapcsolatteremt\u00e9sre \u00e9s \u00e9rz\u00e9keny\u00edts\u00fck \u0151ket a felel\u0151s kutyatart\u00e1s ir\u00e1ny\u00e1ba. <\/strong>A kutya a legt\u00f6bb csal\u00e1dban t\u00e1rs\u00e1llat, csal\u00e1dtag, a balesetek megel\u0151z\u00e9s\u00e9hez elengedhetetlen, hogy a gyerekek ne \u00e9l\u0151 pl\u00fcss\u00e1llatk\u00e9nt tekintsenek r\u00e1, hanem tiszt\u00e1ban legyenek a kutya ig\u00e9nyeivel, sz\u00fcks\u00e9gleteivel, testbesz\u00e9d\u00e9nek, jelz\u00e9seinek jelent\u00e9s\u00e9vel.<\/p><p>Az \u00e1llatassziszt\u00e1lt foglalkoz\u00e1svezet\u00e9s olyan oktat\u00e1si m\u00f3dszer, melynek sor\u00e1n ter\u00e1pi\u00e1s kutya jelenl\u00e9t\u00e9vel, aktivit\u00e1s\u00e1val biztos\u00edtjuk a gyermekek fizikai, \u00e9rzelmi, kognit\u00edv funkci\u00f3inak fejleszt\u00e9s\u00e9t, el\u0151re meghat\u00e1rozott oktat\u00e1si-nevel\u00e9si c\u00e9lok megval\u00f3sul\u00e1s\u00e1t. A gyerekek a kuty\u00e1val val\u00f3 k\u00f6z\u00f6s tev\u00e9kenys\u00e9get nem feladatk\u00e9nt, hanem \u00f6r\u00f6mteli \u00e9lm\u00e9nyk\u00e9nt \u00e9lik meg, mik\u00f6zben \u00e9szrev\u00e9tlen\u00fcl, komplex fejleszt\u00e9st kapnak. A foglalkoz\u00e1sok alkalm\u00e1val a gyerekek k\u00f6zvetlen, szem\u00e9lyes kapcsolatba ker\u00fclnek a ter\u00e1pi\u00e1s kuty\u00e1val, \u00e9s mindez j\u00e1t\u00e9kk\u00e1 var\u00e1zsolja a tapasztalatszerz\u00e9st, az ismeret\u00e1tad\u00e1st, a gyakorl\u00e1st, \u00e9lvezetess\u00e9 \u00e9s \u00e9szrev\u00e9tlenn\u00e9 teszi a fejleszt\u00e9st, ezen k\u00edv\u00fcl seg\u00edt szavak n\u00e9lk\u00fcl is r\u00e1hangol\u00f3dni \u00e9s reag\u00e1lni m\u00e1sok \u00e1llapot\u00e1ra, teh\u00e1t az emp\u00e1ti\u00e1s k\u00e9szs\u00e9get is finom\u00edtja.<\/p><p>A k\u00f6z\u00f6s j\u00e1t\u00e9k sor\u00e1n a gyerekek nemcsak siker\u00e9lm\u00e9nyhez jutnak, hanem ismereteket szereznek a kutya viselked\u00e9s\u00e9r\u0151l, \u00e9letm\u00f3dj\u00e1r\u00f3l, gondoz\u00e1s\u00e1r\u00f3l \u00e9s be\u00e9p\u00fclnek azok a viselked\u00e9si form\u00e1k, melyekkel biztons\u00e1goss\u00e1 tehet\u0151 a kuty\u00e1val val\u00f3 kapcsolat, az idegen kuty\u00e1val val\u00f3 ismerked\u00e9s.<\/p><p>A foglalkoz\u00e1svezet\u0151, \u00c9rchegyin\u00e9 Fut\u00f3 Csilla pedag\u00f3gus v\u00e9gzetts\u00e9ggel rendelkezik, ez\u00e9rt garanci\u00e1t v\u00e1llalunk arra, hogy a foglalkoz\u00e1sok m\u00f3dszertani szempontb\u00f3l megfelelnek a gyerekek \u00e9letkori saj\u00e1toss\u00e1gainak.<\/p><p>A felvezet\u0151 egy kuty\u00e1s szervezet tagja, aki kik\u00e9pezteti, fejleszti a kuty\u00e1j\u00e1t \u00e9s felel\u0151ss\u00e9get v\u00e1llal \u00e9rte.<\/p><p>A kutya ter\u00e1pi\u00e1s vizsg\u00e1t tett, melynek alapj\u00e1n minden k\u00f6r\u00fclm\u00e9nyek k\u00f6z\u00f6tt kiegyens\u00falyozott viselked\u00e9st mutat, agresszivit\u00e1st\u00f3l mentes, szoci\u00e1lisan \u00e9rz\u00e9keny \u00e9s sz\u00edvesen l\u00e9p interakci\u00f3ba az emberekkel, szereti a szeretget\u00e9st, \u00e9rint\u00e9st, simogat\u00e1st, \u00f6lel\u00e9st \u00e9s nem utols\u00f3sorban j\u00f3l viseli az er\u0151s k\u00f6rnyezeti ingereket pl. zaj, kiab\u00e1l\u00e1s, hirtelen mozdulatok. M\u00e9zi, Bambusz \u00e9s a t\u00f6bbiek rengeteg mosolyt csalnak a gyerekek arc\u00e1ra.<\/p><p>Programunk folyamatosan fejl\u0151dik, igyeksz\u00fcnk friss \u00f6tletekkel sz\u00ednes\u00edteni a foglalkoz\u00e1sokat \u00e9s kapcsolatot tartani az \u00f3vod\u00e1kkal. Rajzp\u00e1ly\u00e1zatunkra sok-sok kreat\u00edv alkot\u00e1s \u00e9rkezett, \u00a0a\u00a0 \u201eMancs a k\u00e9zben\u201d program mellett pedig egy \u00faj kezdem\u00e9nyez\u00e9st is elind\u00edtottunk, amely k\u00f6vetve az \u00e9vszakok v\u00e1ltoz\u00e1s\u00e1t \u00e9s az \u00fcnnepk\u00f6r\u00f6k ism\u00e9tl\u0151d\u00e9s\u00e9t, igazodva az \u00f3vodai \u00e9ves tervhez havi rendszeress\u00e9ggel k\u00edn\u00e1l \u00e1llatassziszt\u00e1lt fejleszt\u00e9st az \u00f3vodai csoportoknak.<\/p><p>A kuty\u00e1s l\u00e9t \u00f6r\u00f6meit \u00e9s felel\u0151ss\u00e9g\u00e9t bemutat\u00f3 saj\u00e1t k\u00e9sz\u00edt\u00e9s\u0171 j\u00e1t\u00e9kainkkal sz\u00edvesen vesz\u00fcnk r\u00e9szt k\u00fcl\u00f6nb\u00f6z\u0151 rendezv\u00e9nyeken. Okos p\u00e1rn\u00e1ink, k\u00f3dfejt\u0151 rejtv\u00e9ny\u00fcnk, csipeszes p\u00e1ros\u00edt\u00f3ink mindig nagy n\u00e9pszer\u0171s\u00e9gnek \u00f6rvendenek a gyerekek k\u00f6r\u00e9ben.<\/p><p>Az ember k\u00f6rnyezetkult\u00far\u00e1ja, a k\u00f6rnyezethez val\u00f3 viszonya sz\u00fclet\u00e9s\u00e9t\u0151l kezdve form\u00e1l\u00f3dik. Min\u00e9l kor\u00e1bban ker\u00fcl sor a spont\u00e1n \u00e9s ir\u00e1ny\u00edtott tapasztalatszerz\u00e9sre, a k\u00f6rnyezettel kapcsolatos helyes viselked\u00e9si szok\u00e1sok kialak\u00edt\u00e1s\u00e1ra, ann\u00e1l hat\u00e9konyabban seg\u00edthetj\u00fck el\u0151 a k\u00f6rnyezet eg\u00e9sz\u00e9nek meg\u00e9rt\u00e9s\u00e9t, a term\u00e9szeti \u00e9s az ember \u00e1ltal l\u00e9trehozott k\u00f6rnyezettel val\u00f3 harmonikus egy\u00fctt\u00e9l\u00e9st.<\/p>\t\t\t\t\t\t\t\t<\/div>\n\t\t\t\t\t<\/div>\n\t\t\t\t<\/div>\n\t\t<div class=\"elementor-element elementor-element-213180a e-flex e-con-boxed e-con e-parent\" data-id=\"213180a\" data-element_type=\"container\">\n\t\t\t\t\t<div class=\"e-con-inner\">\n\t\t\t\t\t<\/div>\n\t\t\t\t<\/div>\n\t\t\t\t<\/div>\n\t\t","protected":false},"excerpt":{"rendered":"<p>\u00d3budai K\u00f6zhaszn\u00fa Kuty\u00e1s Egyes\u00fclet \u201eMancs a k\u00e9zben\u201d felel\u0151s gazdi programja \u00a0 Egyes\u00fclet\u00fcnk k\u00e9t \u00e9ve ind\u00edtotta el a \u201eMancs a k\u00e9zben\u201d felel\u0151s gazdi\u201d-programj\u00e1t. Programunk hi\u00e1nyp\u00f3tl\u00f3nak sz\u00e1m\u00edt, az a t\u00e9ny h\u00edvta \u00e9letre, hogy Budapesten folyamatosan n\u0151 a kuty\u00e1t tart\u00f3k sz\u00e1ma. Az adatok szerint jelenleg minden harmadik csal\u00e1d kuty\u00e1val \u00e9l egy\u00fctt, ez\u00e9rt elengedhetetlen\u00fcl sz\u00fcks\u00e9ges, hogy a gyerekeket \u00e9letkoruknak [&hellip;]<\/p>\n","protected":false},"author":1,"featured_media":0,"parent":0,"menu_order":0,"comment_status":"closed","ping_status":"closed","template":"","meta":{"footnotes":""},"class_list":["post-350","page","type-page","status-publish","hentry"],"_links":{"self":[{"href":"https:\/\/leti.obudaikutyasok.hu\/index.php\/wp-json\/wp\/v2\/pages\/350","targetHints":{"allow":["GET"]}}],"collection":[{"href":"https:\/\/leti.obudaikutyasok.hu\/index.php\/wp-json\/wp\/v2\/pages"}],"about":[{"href":"https:\/\/leti.obudaikutyasok.hu\/index.php\/wp-json\/wp\/v2\/types\/page"}],"author":[{"embeddable":true,"href":"https:\/\/leti.obudaikutyasok.hu\/index.php\/wp-json\/wp\/v2\/users\/1"}],"replies":[{"embeddable":true,"href":"https:\/\/leti.obudaikutyasok.hu\/index.php\/wp-json\/wp\/v2\/comments?post=350"}],"version-history":[{"count":7,"href":"https:\/\/leti.obudaikutyasok.hu\/index.php\/wp-json\/wp\/v2\/pages\/350\/revisions"}],"predecessor-version":[{"id":358,"href":"https:\/\/leti.obudaikutyasok.hu\/index.php\/wp-json\/wp\/v2\/pages\/350\/revisions\/358"}],"wp:attachment":[{"href":"https:\/\/leti.obudaikutyasok.hu\/index.php\/wp-json\/wp\/v2\/media?parent=350"}],"curies":[{"name":"wp","href":"https:\/\/api.w.org\/{rel}","templated":true}]}}